{"id":553,"date":"2016-06-15T09:46:00","date_gmt":"2016-06-15T07:46:00","guid":{"rendered":"http:\/\/www.gestioglobal.net\/es\/proteccio-de-dades\/"},"modified":"2018-09-03T15:55:49","modified_gmt":"2018-09-03T13:55:49","slug":"proteccion-de-datos","status":"publish","type":"page","link":"https:\/\/www.gestioglobal.net\/es\/proteccion-de-datos\/","title":{"rendered":"Protecci\u00f3n de datos"},"content":{"rendered":"<h2><span style=\"color: #8d1b3f;\">Protecci\u00f3n de datos<\/span><\/h2>\n<p><strong>Aviso de protecci\u00f3n de datos de car\u00e1cter personal:<\/strong><\/p>\n<p>Mediante este aviso de protecci\u00f3n de datos, Pilar Fajula Vilalta quiere facilitar un acceso \u00e1gil y r\u00e1pido a las principales informaciones relativas a los tratamientos de datos que llevan a cabo y a los derechos que asisten a las personas interesadas para que puedan controlar de manera efectiva sus datos personales.<\/p>\n<p><strong>Responsable del tratamiento:<\/strong><\/p>\n<p>Pilar Fajula Vilalta cumple la legislaci\u00f3n respecto a la protecci\u00f3n de datos personales y adopta las mesuras de seguridad necesarias de acuerdo con la normativa aplicable de la Ley y Reglamento de Protecci\u00f3n de datos de Car\u00e1cter personal y Reglamento (UE) 2016\/679 del Parlamento Europeo, como tambi\u00e9n lo que se dispone en la Ley de servicios de la sociedad de la informaci\u00f3n y del comercio electr\u00f3nico (Ley 34\/2002 de 11 de julio).<\/p>\n<p>El responsable de las actividades de tratamiento se compromete a cumplir su obligaci\u00f3n de secreto de los datos de car\u00e1cter personal y de su deber de guardarlas i adoptar\u00e1 todas las mesuras de \u00edndole t\u00e9cnica y organizativa para garantizar la seguridad de los datos de car\u00e1cter personal y evitar su alteraci\u00f3n, p\u00e9rdida, tratamiento o acceso no autorizado dado el estado de la tecnolog\u00eda, la naturaleza de los datos guardados y los riesgos a que est\u00e9n expuestas. Todo esto de conformidad con lo que establece la legislaci\u00f3n vigente.<\/p>\n<p><strong>Delegado de protecci\u00f3n de datos:<\/strong><\/p>\n<p>Le informamos que los datos de car\u00e1cter personal que voluntariamente nos facilite a trav\u00e9s de los diferentes formularios de entrada dispuestos a este efecto en la web www.gestioglobal.net O en cualquier otro canal, ser\u00e1n incorporados en una actividad de tratamiento responsabilidad de Pilar Fajula Vilalta (en adelante el responsable de las actividades de tratamiento) con la finalidad de informar, y promocionar los servicios que se ofrecen, y gestionan correctamente la relaci\u00f3n con los clientes y colaboradores.<\/p>\n<p><strong>Derecho de acceso:<\/strong><\/p>\n<p>El acceso al portal www.gestioglobal.net y a la informaci\u00f3n que contiene comporta la aceptaci\u00f3n de las condiciones previstas en este Aviso Legal.<\/p>\n<p>As\u00ed mismo, el\/la usuario\/a de la web en facilitar voluntariamente sus datos de car\u00e1cter personal a trav\u00e9s de los diferentes formularios de entrada dispuestos en este efecto en la web autoriza de manera expresa a que sus datos puedan ser utilizados en el env\u00edo de comunicaciones comerciales y ofertas publicitarias por correo electr\u00f3nico, fax o cualquier otro medio electr\u00f3nico o f\u00edsico, presente o futuro.<\/p>\n<p>As\u00ed mismo el interesado tiene derecho a saber si el responsable del tratamiento trata datos personales suyos y, si es as\u00ed, tiene derecho a acceder a estos datos y a obtener la informaci\u00f3n siguiente: las finalidades del tratamiento, las categor\u00edas de datos personales que se traten y los destinatarios o las categor\u00edas de destinatarios a los que se han comunicado o se comunicar\u00e1n los datos; el termino provisto de conservaci\u00f3n de los datos personales; el origen de los datos cuando no se han obtenido del interesado; la existencia de decisiones automatizadas; as\u00ed como las garant\u00edas adecuadas que se ofrecen en el caso de transferencias internacionales de datos.<\/p>\n<p>Pilar Fajula Vilalta no asume ninguna responsabilidad por da\u00f1os, perjuicios, perdidas, reclamaciones o gastos, producidos por: (i) interferencias, interrupciones falladas, omisiones, aver\u00edas telef\u00f3nicas, retrasos, bloqueos o desconexiones en el funcionamiento del sistema electr\u00f3nico motivadas por deficiencias, sobrecargas y errores en las l\u00edneas y redes de telecomunicaciones, o por cualquier otra causa ajena al control de la Mutua; (ii) intromisiones ileg\u00edtimas mediante el uso de programas malignos, como virus inform\u00e1ticos o cualquier otro; (iii) errores de seguridad o navegaci\u00f3n producidos por un mal funcionamiento del navegador o por uso de versiones no actualizadas de este.<\/p>\n<p><strong>Derecho a rectificaci\u00f3n:<\/strong><\/p>\n<p>La informaci\u00f3n facilitada por la web es la vigente en la fecha de la \u00faltima actualizaci\u00f3n y Pilar Fajula Vilalta se reserva el derecho de modificarla en cualquier momento.<\/p>\n<p>El interesado tiene derecho a rectificar sus datos personales inexactos y que se completen los que sean incompletos, incluso mediante una declaraci\u00f3n adicional.<\/p>\n<p>El responsable tiene que comunicar la rectificaci\u00f3n a cada uno de los destinatarios a los cuales ha comunicado previamente los datos salvo que sea imposible o exija esfuerzos desproporcionados. Si el interesado lo solicita, el responsable tiene que identificar a los destinatarios.<\/p>\n<p><strong>Derecho de supresi\u00f3n (o derecho al olvido):<\/strong><\/p>\n<p>La RGPD incorpora el derecho al olvido, como un derecho vinculante de supresi\u00f3n de los datos. El interesado tiene derecho a obtener la supresi\u00f3n de sus datos personales (\u201cderecho al olvido\u201d), cuando los datos ya no son necesarios para la finalidad per la que se recogieron; cuando se revoca el consentimiento en el cual se basaba el tratamiento cuando el interesada se opone al tratamiento cuando los datos se han tratado il\u00edcitamente cuando los datos se tienen que suprimir para cumplir una obligaci\u00f3n legal; as\u00ed como cuando los datos se han obtenido en relaci\u00f3n con la oferta de servicios de la sociedad de la informaci\u00f3n dirigida a menores.<\/p>\n<p>El responsable tiene que comunicar la supresi\u00f3n a cada uno de los destinatarios, salvo que sea imposible o exija esfuerzos desproporcionados. Si el interesado lo solicita el responsable tiene que identificar a los destinatarios.<\/p>\n<p><strong>Derecho de oposici\u00f3n:<\/strong><\/p>\n<p>Todos los datos solicitados a trav\u00e9s de la web son obligatorios. En casa de no ser facilitados, el Responsable de las actividades de tratamiento no garantiza que los servicios prestados se ajusten completamente a las necesidades. Igualmente el interesado tiene derecho a oponerse al tratamiento de sus datos personales cuando: el tratamiento se basa en un inter\u00e9s p\u00fablico o el ejercicio de poderes p\u00fablicos conferidos al responsables, o en el inter\u00e9s leg\u00edtimo perseguido por el responsable del tratamiento o por un tercero; cuando el responsable del tratamiento los tiene que dejar de tratar; cuando el tratamiento tiene por objeto el marketing directo; as\u00ed como cuando el tratamiento tienen finalidades estad\u00edsticas o de investigaci\u00f3n cient\u00edfica o hist\u00f3rica y se invoca un motivo relacionado con su situaci\u00f3n personal.<\/p>\n<p>El consentimiento se entender\u00e1 prestado siempre y cuando no se comunique expresamente la revocaci\u00f3n de alguno de los tratamientos indicados anteriormente. A este efecto, el\/la usuario\/a podr\u00e1 darse de baja de cualquiera de los servicios contratados dirigi\u00e9ndose a Pilar Fajula Vilalta. El\/la usuario\/a de la web ser\u00e1 el\/la \u00fanica\/a responsable de la veracidad y exactitud de los datos aportados, actuando el Responsable de las actividades de tratamiento de buena fe solo como prestador del servicio. En caso de haber facilitado datos falsos o de terceras personas sin que haya su consentimiento el Responsable de las actividades de tratamiento se reserva el derecho a la destrucci\u00f3n inmediata de dichos datos a fin de proteger el derecho del titular o titulares de las mismas.<\/p>\n<p><strong>Derecho a la limitaci\u00f3n del tratamiento:<\/strong><\/p>\n<p>El sitio Web www.gestioglobal.net utiliza cookies (<a href=\"http:\/\/www.gestioglobal.net\/es\/politica-de-cookies\/\">ver pol\u00edtica de cookies<\/a>). No obstante, si se produce cualquier cambio en la pol\u00edtica de privacidad en esto ser\u00e1 inmediato advertido a trav\u00e9s de este sitio Web, incluyendo la oportuna rectificaci\u00f3n este apartado. El sitio Web dispone de las mesuras de seguridad de la informaci\u00f3n generalmente utilizadas para evitar el acceso no autorizado a los datos personales.<\/p>\n<p>La persona interesada tiene derecho que se marquen sus datos de car\u00e1cter personal conservada con la finalidad de limar el tratamiento en el futuro. La limitaci\u00f3n del tratamiento implica que, a petici\u00f3n de la persona interesada, sus datos personales se dejan de tratar.<\/p>\n<p>El responsable tiene que comunicar la limitaci\u00f3n a cada uno de los destinatarios a los cuales han comunicado los datos, salvo que sea imposible o exija esfuerzos desproporcionados. Si el interesado lo solicita, el responsable tiene que identificar los destinatarios.<\/p>\n<p><strong>Derecho a la portabilidad de datos:<\/strong><\/p>\n<p>El interesado tiene derecho a recibir sus datos personales que ha facilitado a un responsable del tratamiento en un formato estructurado, de uso com\u00fan y de lectura mec\u00e1nica, y a transmitirlas a otro responsable. De otra banda, este derecho no se puede ejercer cuando el tratamiento se fundamenta en el cumplimiento de una misi\u00f3n de inter\u00e9s p\u00fablico o inherente al ejercicio del poder p\u00fablico.<\/p>\n<p>El\/la usuario\/a del web podr\u00e1 en cualquier momento ejercer sus derechos de acceso, rectificaci\u00f3n, supresi\u00f3n, limitaci\u00f3n de tratamiento, portabilidad y oposici\u00f3n en los t\u00e9rminos establecidos en la legislaci\u00f3n vigente dirigi\u00e9ndose a Pilar Fajula Vilalta \u2013 NIF: 90002459D Dir. postal: C\/ Centre d\u2019empreses, 1-7 de les Preses Tel\u00e8fon: 646298201 Correu electr\u00f2nic: info@gestioglobal.net Web www.gestioglobal.net<\/p>\n","protected":false},"excerpt":{"rendered":"<p>Protecci\u00f3n de datos Aviso de protecci\u00f3n de datos de car\u00e1cter personal: Mediante este aviso de protecci\u00f3n de datos, Pilar Fajula Vilalta quiere facilitar un acceso \u00e1gil y r\u00e1pido a las principales informaciones relativas a los tratamientos de datos que llevan a cabo y a los derechos que asisten a las personas interesadas para que puedan &#8230; <a class=\"read-more\" href=\"https:\/\/www.gestioglobal.net\/es\/proteccion-de-datos\/\">Read more&#8230;<\/a><\/p>\n","protected":false},"author":2,"featured_media":0,"parent":0,"menu_order":100,"comment_status":"closed","ping_status":"closed","template":"","meta":{"_monsterinsights_skip_tracking":false,"footnotes":""},"class_list":["post-553","page","type-page","status-publish","hentry"],"yoast_head":"<!-- This site is optimized with the Yoast SEO plugin v18.4.1 - https:\/\/yoast.com\/wordpress\/plugins\/seo\/ -->\n<title>Protecci\u00f3n de datos - Gestio Global<\/title>\n<meta name=\"robots\" content=\"noindex, nofollow\" \/>\n<meta property=\"og:locale\" content=\"es_ES\" \/>\n<meta property=\"og:type\" content=\"article\" \/>\n<meta property=\"og:title\" content=\"Protecci\u00f3n de datos - Gestio Global\" \/>\n<meta property=\"og:description\" content=\"Protecci\u00f3n de datos Aviso de protecci\u00f3n de datos de car\u00e1cter personal: Mediante este aviso de protecci\u00f3n de datos, Pilar Fajula Vilalta quiere facilitar un acceso \u00e1gil y r\u00e1pido a las principales informaciones relativas a los tratamientos de datos que llevan a cabo y a los derechos que asisten a las personas interesadas para que puedan ... Read more...\" \/>\n<meta property=\"og:url\" content=\"https:\/\/www.gestioglobal.net\/es\/proteccion-de-datos\/\" \/>\n<meta property=\"og:site_name\" content=\"Gestio Global\" \/>\n<meta property=\"article:modified_time\" content=\"2018-09-03T13:55:49+00:00\" \/>\n<meta name=\"twitter:card\" content=\"summary\" \/>\n<meta name=\"twitter:label1\" content=\"Tiempo de lectura\" \/>\n\t<meta name=\"twitter:data1\" content=\"7 minutos\" \/>\n<script type=\"application\/ld+json\" class=\"yoast-schema-graph\">{\"@context\":\"https:\/\/schema.org\",\"@graph\":[{\"@type\":\"WebSite\",\"@id\":\"https:\/\/www.gestioglobal.net\/#website\",\"url\":\"https:\/\/www.gestioglobal.net\/\",\"name\":\"Gestio Global\",\"description\":\"\",\"potentialAction\":[{\"@type\":\"SearchAction\",\"target\":{\"@type\":\"EntryPoint\",\"urlTemplate\":\"https:\/\/www.gestioglobal.net\/?s={search_term_string}\"},\"query-input\":\"required name=search_term_string\"}],\"inLanguage\":\"es\"},{\"@type\":\"WebPage\",\"@id\":\"https:\/\/www.gestioglobal.net\/es\/proteccion-de-datos\/#webpage\",\"url\":\"https:\/\/www.gestioglobal.net\/es\/proteccion-de-datos\/\",\"name\":\"Protecci\u00f3n de datos - Gestio Global\",\"isPartOf\":{\"@id\":\"https:\/\/www.gestioglobal.net\/#website\"},\"datePublished\":\"2016-06-15T07:46:00+00:00\",\"dateModified\":\"2018-09-03T13:55:49+00:00\",\"breadcrumb\":{\"@id\":\"https:\/\/www.gestioglobal.net\/es\/proteccion-de-datos\/#breadcrumb\"},\"inLanguage\":\"es\",\"potentialAction\":[{\"@type\":\"ReadAction\",\"target\":[\"https:\/\/www.gestioglobal.net\/es\/proteccion-de-datos\/\"]}]},{\"@type\":\"BreadcrumbList\",\"@id\":\"https:\/\/www.gestioglobal.net\/es\/proteccion-de-datos\/#breadcrumb\",\"itemListElement\":[{\"@type\":\"ListItem\",\"position\":1,\"name\":\"Inici\",\"item\":\"https:\/\/www.gestioglobal.net\/es\/inicio\/\"},{\"@type\":\"ListItem\",\"position\":2,\"name\":\"Protecci\u00f3n de datos\"}]}]}<\/script>\n<!-- \/ Yoast SEO plugin. -->","yoast_head_json":{"title":"Protecci\u00f3n de datos - Gestio Global","robots":{"index":"noindex","follow":"nofollow"},"og_locale":"es_ES","og_type":"article","og_title":"Protecci\u00f3n de datos - Gestio Global","og_description":"Protecci\u00f3n de datos Aviso de protecci\u00f3n de datos de car\u00e1cter personal: Mediante este aviso de protecci\u00f3n de datos, Pilar Fajula Vilalta quiere facilitar un acceso \u00e1gil y r\u00e1pido a las principales informaciones relativas a los tratamientos de datos que llevan a cabo y a los derechos que asisten a las personas interesadas para que puedan ... Read more...","og_url":"https:\/\/www.gestioglobal.net\/es\/proteccion-de-datos\/","og_site_name":"Gestio Global","article_modified_time":"2018-09-03T13:55:49+00:00","twitter_card":"summary","twitter_misc":{"Tiempo de lectura":"7 minutos"},"schema":{"@context":"https:\/\/schema.org","@graph":[{"@type":"WebSite","@id":"https:\/\/www.gestioglobal.net\/#website","url":"https:\/\/www.gestioglobal.net\/","name":"Gestio Global","description":"","potentialAction":[{"@type":"SearchAction","target":{"@type":"EntryPoint","urlTemplate":"https:\/\/www.gestioglobal.net\/?s={search_term_string}"},"query-input":"required name=search_term_string"}],"inLanguage":"es"},{"@type":"WebPage","@id":"https:\/\/www.gestioglobal.net\/es\/proteccion-de-datos\/#webpage","url":"https:\/\/www.gestioglobal.net\/es\/proteccion-de-datos\/","name":"Protecci\u00f3n de datos - Gestio Global","isPartOf":{"@id":"https:\/\/www.gestioglobal.net\/#website"},"datePublished":"2016-06-15T07:46:00+00:00","dateModified":"2018-09-03T13:55:49+00:00","breadcrumb":{"@id":"https:\/\/www.gestioglobal.net\/es\/proteccion-de-datos\/#breadcrumb"},"inLanguage":"es","potentialAction":[{"@type":"ReadAction","target":["https:\/\/www.gestioglobal.net\/es\/proteccion-de-datos\/"]}]},{"@type":"BreadcrumbList","@id":"https:\/\/www.gestioglobal.net\/es\/proteccion-de-datos\/#breadcrumb","itemListElement":[{"@type":"ListItem","position":1,"name":"Inici","item":"https:\/\/www.gestioglobal.net\/es\/inicio\/"},{"@type":"ListItem","position":2,"name":"Protecci\u00f3n de datos"}]}]}},"_links":{"self":[{"href":"https:\/\/www.gestioglobal.net\/es\/wp-json\/wp\/v2\/pages\/553","targetHints":{"allow":["GET"]}}],"collection":[{"href":"https:\/\/www.gestioglobal.net\/es\/wp-json\/wp\/v2\/pages"}],"about":[{"href":"https:\/\/www.gestioglobal.net\/es\/wp-json\/wp\/v2\/types\/page"}],"author":[{"embeddable":true,"href":"https:\/\/www.gestioglobal.net\/es\/wp-json\/wp\/v2\/users\/2"}],"replies":[{"embeddable":true,"href":"https:\/\/www.gestioglobal.net\/es\/wp-json\/wp\/v2\/comments?post=553"}],"version-history":[{"count":10,"href":"https:\/\/www.gestioglobal.net\/es\/wp-json\/wp\/v2\/pages\/553\/revisions"}],"predecessor-version":[{"id":772,"href":"https:\/\/www.gestioglobal.net\/es\/wp-json\/wp\/v2\/pages\/553\/revisions\/772"}],"wp:attachment":[{"href":"https:\/\/www.gestioglobal.net\/es\/wp-json\/wp\/v2\/media?parent=553"}],"curies":[{"name":"wp","href":"https:\/\/api.w.org\/{rel}","templated":true}]}}